{"version":"1.0","provider_name":"Campa","provider_url":"https:\/\/www.campa.com.mx\/site","author_name":"campa","author_url":"https:\/\/www.campa.com.mx\/site\/author\/campa\/","title":"Planta portuguesa GLN, inaugura instalaciones en Quer\u00e9taro. - Campa","type":"rich","width":600,"height":338,"html":"<blockquote class=\"wp-embedded-content\" data-secret=\"y4e5Kb1Jjn\"><a href=\"https:\/\/www.campa.com.mx\/site\/planta-portuguesa-gln-inaugura-instalaciones-en-queretaro\/\">Planta portuguesa GLN, inaugura instalaciones en Quer\u00e9taro.<\/a><\/blockquote><iframe sandbox=\"allow-scripts\" security=\"restricted\" src=\"https:\/\/www.campa.com.mx\/site\/planta-portuguesa-gln-inaugura-instalaciones-en-queretaro\/embed\/#?secret=y4e5Kb1Jjn\" width=\"600\" height=\"338\" title=\"\u00abPlanta portuguesa GLN, inaugura instalaciones en Quer\u00e9taro.\u00bb \u2014 Campa\" data-secret=\"y4e5Kb1Jjn\" frameborder=\"0\" marginwidth=\"0\" marginheight=\"0\" scrolling=\"no\" class=\"wp-embedded-content\"><\/iframe><script type=\"text\/javascript\">\n\/* <![CDATA[ *\/\n\/*! This file is auto-generated *\/\n!function(d,l){\"use strict\";l.querySelector&&d.addEventListener&&\"undefined\"!=typeof URL&&(d.wp=d.wp||{},d.wp.receiveEmbedMessage||(d.wp.receiveEmbedMessage=function(e){var t=e.data;if((t||t.secret||t.message||t.value)&&!\/[^a-zA-Z0-9]\/.test(t.secret)){for(var s,r,n,a=l.querySelectorAll('iframe[data-secret=\"'+t.secret+'\"]'),o=l.querySelectorAll('blockquote[data-secret=\"'+t.secret+'\"]'),c=new RegExp(\"^https?:$\",\"i\"),i=0;i<o.length;i++)o[i].style.display=\"none\";for(i=0;i<a.length;i++)s=a[i],e.source===s.contentWindow&&(s.removeAttribute(\"style\"),\"height\"===t.message?(1e3<(r=parseInt(t.value,10))?r=1e3:~~r<200&&(r=200),s.height=r):\"link\"===t.message&&(r=new URL(s.getAttribute(\"src\")),n=new URL(t.value),c.test(n.protocol))&&n.host===r.host&&l.activeElement===s&&(d.top.location.href=t.value))}},d.addEventListener(\"message\",d.wp.receiveEmbedMessage,!1),l.addEventListener(\"DOMContentLoaded\",function(){for(var e,t,s=l.querySelectorAll(\"iframe.wp-embedded-content\"),r=0;r<s.length;r++)(t=(e=s[r]).getAttribute(\"data-secret\"))||(t=Math.random().toString(36).substring(2,12),e.src+=\"#?secret=\"+t,e.setAttribute(\"data-secret\",t)),e.contentWindow.postMessage({message:\"ready\",secret:t},\"*\")},!1)))}(window,document);\n\/* ]]> *\/\n<\/script>\n","thumbnail_url":"https:\/\/www.campa.com.mx\/site\/wp-content\/uploads\/2017\/07\/Captura-de-pantalla-2017-07-21-a-las-08.59.43.png","thumbnail_width":1194,"thumbnail_height":698,"description":"Empresa, dedicada a la fabricaci\u00f3n de moldes e inyecci\u00f3n de pl\u00e1sticos para la industria automotriz, invirti\u00f3 2.5 millones de d\u00f3lares en sus instalaciones ubicadas en el parque El Marqu\u00e9s. Manuel Carlos de Mello Champalimaud, presidente de Gestmin SGPS, asegur\u00f3 que [&hellip;]"}